{"id":22,"date":"2025-10-31T14:57:15","date_gmt":"2025-10-31T14:57:15","guid":{"rendered":"https:\/\/artebaz.com.ar\/sitio\/?page_id=22"},"modified":"2025-12-09T12:18:03","modified_gmt":"2025-12-09T12:18:03","slug":"formacion","status":"publish","type":"page","link":"https:\/\/artebaz.com.ar\/sitio\/formacion\/","title":{"rendered":"Formaci\u00f3n"},"content":{"rendered":"<p>En 1997 se inicia en Taller de Teresa Lascano.<a href=\"https:\/\/artebaz.com.ar\/sitio\/wp-content\/uploads\/2025\/10\/Silvina_Baz.jpg\"><img loading=\"lazy\" decoding=\"async\" class=\"alignright wp-image-20 size-full\" src=\"https:\/\/artebaz.com.ar\/sitio\/wp-content\/uploads\/2025\/10\/Silvina_Baz.jpg\" alt=\"\" width=\"350\" height=\"466\" srcset=\"https:\/\/artebaz.com.ar\/sitio\/wp-content\/uploads\/2025\/10\/Silvina_Baz.jpg 350w, https:\/\/artebaz.com.ar\/sitio\/wp-content\/uploads\/2025\/10\/Silvina_Baz-225x300.jpg 225w\" sizes=\"auto, (max-width: 350px) 100vw, 350px\" \/><\/a><br \/>\nEn 2002 se recibe de Profesora Nacional de Bellas Artes, orientacion Grabado en el \u00abInstituto Superior Santa Ana de Bellas Artes\u00bb.<\/p>\n<p>Se perfecciona con postgrados en la Escuela Superior de Bellas Artes \u00abErnesto de la Carcova\u00bb:<br \/>\n_2005 &#8211; 2003 Taller de Producci\u00f3n Gr\u00e1fica Art\u00edstica. Dictado por Alicia Orlandi.<br \/>\n_2005 &#8211; 2003 Pr\u00e1ctica Reflexiva con Orientaci\u00f2n Gr\u00e1fica Art\u00edstica con Laura Sacchetti.<br \/>\n_2003 Conservaci\u00f2n Litogr\u00e1fica con Julio Dolz y Marcelo Malagamba, catedra de Tapia Vera.<br \/>\n_2002 Monotipos Gr\u00e1ficos I, con Eduardo Levy.<\/p>\n<p>Se capacita con Seminarios y Cursos en:<br \/>\n<span lang=\"ES-AR\">_<\/span>2017 Workshop de grabado calcogr\u00e1fico. Fundaci\u00f3n Il bisonte, Florencia, Italia.<br \/>\n_2017 Workshop Gr\u00e1fico. Grafisch Atelier, Amsterdam, Holanda.<br \/>\n_2017 Workshop Drypoint. De Grafiekdrukkerij. Amsterdam, Holanda.<br \/>\n_2016 Exportaci\u00f3n de Obras de Arte. Por Solange Guez. En Fundaci\u00f3n ICBC<br \/>\n_2015 Teologia Estetica. Emilce Cuda. En CIA Centro de Investigaciones Artisticas.<br \/>\n_2015 Workshop Color Simultaneo con Hector Saunier. Atelier de Cristina Santander.<br \/>\n_2015 Participa en 3er Encuentro Nacional de Grabado: Estampa hibrida-generativa en las pr\u00e1cticas del grabado contempor\u00e1neo. Prof. Celia Marc\u00f3 del Pont y Cecilia Luque. Offset Litogr\u00e1fico Prof. Gabriela Mercedes Rodi y Adrian Agust\u00edn del Grosso.<br \/>\n_2013 Taller de Grabado no t\u00f3xico. Profesora: Alicia Diaz Rinaldi.<br \/>\n_2013 Workshop fotografia: desnudo femenino-masculino. Fernando Casanueva PROMETH Multiespacio.<br \/>\n_2013 El Arte Imperfecto. Por Pablo Gianera. Centro de Investigaciones Art\u00ecsticas.<br \/>\n_2012 La cr\u00ectica en la Pr\u00e1ctica Curatorial. Ciencia y Experiencia. Trastienda de Curador V&nbsp; Organizado por la Asociaci\u00f3n Argentina de Cr\u00ecticos de Arte y el Centro Cultural Recoleta.&nbsp;Rodrigo Alonso: Argentina en la Bienal de Venecia. \/ Andrea Elias: Curadur\u00eca en el Museo de Bellas Artes de Salta. \/ Graciela Kartofel: Curadur\u00edas en America Latana. \/ Matilde Marin: MAF &#8211; Ushuaia. Criterios de construccion de proyectos en el interior del pais. \/ Nancy Rojas: Curadur\u00ecas en el MACRO de Rosario. \/ Valeria Keller y Violeta Bronstein: Ficus Repens. Enamorados del muro.<br \/>\n_2012 Seminario de Instalaciones. Dictado por Horacio Zabala en Galeria Carla Rey Arte Contemporaneo.<br \/>\n_2009 \/ 2015 Pintura con Jesus Marcos. A quien considera su maestro.<br \/>\n_2009 Curso de Collage con Alejandra Roux.<br \/>\n_2007 Dibujo y Pintura con Modelo Vivo. Taller de Nicolas Menza.<br \/>\n_2004 Curso de Acuarela dictado por Guillermo Roux.<br \/>\n_2000 Seminario de Dibujo con Modelo Vivo dictado por Roberto Paez en Extension Cultural \u00abErnesto de la Carcova\u00bb.<\/p>\n<p><strong>Actualmente es Profesora de la catedra de Grabado y Arte Impreso en la Escuela Superior de Bellas Artes&nbsp;<\/strong><strong>R.E.A.&nbsp;<\/strong><\/p>\n<p><strong>Es integrante del staff de artistas de la Fundacion Arte de las Americas (FADLA) y actual secretaria general de dicha Fundacion.<\/strong><\/p>\n<p><strong>Del 2013 al 2019 Colabora en XYLON Antinegra. Boletin informativo de Grabado.<\/strong><\/p>\n<p><strong>E<\/strong><strong>n el 2013 realiza el Inventario del gabinete de estampas en el Museo de Calcos \u00abErnesto de la Carcova\u00bb.&nbsp;<\/strong><\/p>\n","protected":false},"excerpt":{"rendered":"<p>En 1997 se inicia en Taller de Teresa Lascano. En 2002 se recibe de Profesora Nacional de Bellas Artes, orientacion Grabado en el \u00abInstituto Superior Santa Ana de Bellas Artes\u00bb. Se perfecciona con postgrados en la Escuela Superior de Bellas Artes \u00abErnesto de la Carcova\u00bb: _2005 &#8211; 2003 Taller de Producci\u00f3n Gr\u00e1fica Art\u00edstica. Dictado por [&hellip;]<\/p>\n","protected":false},"author":2,"featured_media":0,"parent":0,"menu_order":0,"comment_status":"closed","ping_status":"closed","template":"","meta":{"ngg_post_thumbnail":0,"footnotes":""},"class_list":["post-22","page","type-page","status-publish","hentry","post"],"_links":{"self":[{"href":"https:\/\/artebaz.com.ar\/sitio\/wp-json\/wp\/v2\/pages\/22","targetHints":{"allow":["GET"]}}],"collection":[{"href":"https:\/\/artebaz.com.ar\/sitio\/wp-json\/wp\/v2\/pages"}],"about":[{"href":"https:\/\/artebaz.com.ar\/sitio\/wp-json\/wp\/v2\/types\/page"}],"author":[{"embeddable":true,"href":"https:\/\/artebaz.com.ar\/sitio\/wp-json\/wp\/v2\/users\/2"}],"replies":[{"embeddable":true,"href":"https:\/\/artebaz.com.ar\/sitio\/wp-json\/wp\/v2\/comments?post=22"}],"version-history":[{"count":2,"href":"https:\/\/artebaz.com.ar\/sitio\/wp-json\/wp\/v2\/pages\/22\/revisions"}],"predecessor-version":[{"id":140,"href":"https:\/\/artebaz.com.ar\/sitio\/wp-json\/wp\/v2\/pages\/22\/revisions\/140"}],"wp:attachment":[{"href":"https:\/\/artebaz.com.ar\/sitio\/wp-json\/wp\/v2\/media?parent=22"}],"curies":[{"name":"wp","href":"https:\/\/api.w.org\/{rel}","templated":true}]}}