{"id":24,"date":"2025-10-31T14:58:49","date_gmt":"2025-10-31T14:58:49","guid":{"rendered":"https:\/\/artebaz.com.ar\/sitio\/?page_id=24"},"modified":"2025-12-09T12:18:40","modified_gmt":"2025-12-09T12:18:40","slug":"exposiciones","status":"publish","type":"page","link":"https:\/\/artebaz.com.ar\/sitio\/exposiciones\/","title":{"rendered":"Exposiciones"},"content":{"rendered":"<p><strong>EXPOSICIONES INDIVIDUALES:<a href=\"https:\/\/artebaz.com.ar\/sitio\/wp-content\/uploads\/2025\/10\/Silvina_Baz.jpg\"><img loading=\"lazy\" decoding=\"async\" class=\"alignright wp-image-20 size-full\" src=\"https:\/\/artebaz.com.ar\/sitio\/wp-content\/uploads\/2025\/10\/Silvina_Baz.jpg\" alt=\"\" width=\"350\" height=\"466\" srcset=\"https:\/\/artebaz.com.ar\/sitio\/wp-content\/uploads\/2025\/10\/Silvina_Baz.jpg 350w, https:\/\/artebaz.com.ar\/sitio\/wp-content\/uploads\/2025\/10\/Silvina_Baz-225x300.jpg 225w\" sizes=\"auto, (max-width: 350px) 100vw, 350px\" \/><\/a><\/strong><\/p>\n<p>_2024<br \/>\n\u00abBitacora del artista\u00bb\u00a0Sala de exposicion Honorable Concejo Deliberante de San Isidro.<br \/>\n\u00abPaletas Graficas\u00bb\u00a0Biblioteca Leopoldo Marechal. Universidad Nacional de la Matanza.<br \/>\n\u00abGubia y Pincel\u00bb\u00a0Complejo Cultural \u00cdtaca.<br \/>\n_2023<br \/>\n\u00abIndivisibles\u00bb\u00a0Museo de Arte Moderno de Mercedes (MAMM)<br \/>\n\u00abTorsos alados\u00bb\u00a0La casa de la mujer. San Isidro.<br \/>\n\u00abIndivisibles\u00bb\u00a0Camarin de las musas.<br \/>\n_2022<br \/>\n\u00abBitacora del artista\u00bb\u00a0Sala Eva Peron. Ministerio de Economia de la Nacion.<br \/>\n\u00abIndivisibles\u00bb\u00a0Sala Molina Campos. E.S.E.A. Manuel Belgrano.<br \/>\n_2021<br \/>\n\u00abY vendra el hombre nuevo\u00bb. Obra grafica basada en el poemario de A. Pellet.\u00a0Galeria de arte &#8211; Comuna12<br \/>\nGaleria Forma. Grabados. Texto curatorial de Julio Sapollnik.<br \/>\n_2019<br \/>\n\u00abNo utopia\u00bb\u00a0Galeria de Arte &#8211; Comuna12<br \/>\n_2018<br \/>\n\u00abTestimonios de la Atemporalidad\u00bb. Muestra multidisciplinaria.\u00a0Museo de Arte \u00abAngel Maria de Rosa\u00bb. MUMA, Junin. Provincia de BsAs.<br \/>\n_2017<br \/>\n\u00abSue\u00f1os de una pluma\u00bb. Muestra multidisciplinaria.\u00a0Museo Municipal de Artes J.B. Tapia, San Antonio de Areco.<br \/>\n\u00abDe libertades y esclavitudes\u00bb.Obra grafica.\u00a0FADU-UBA, Cultura.<br \/>\n\u00abAntologia Femenina\u00bbObra grafica. Cultura Viva.\u00a0Municipio de Ramos Mej\u00ef\u00bf\u00bda.<br \/>\n_2015<br \/>\n\u00abReflejos Internos y La otra realidad\u00bb. Grabados.Museo Provincial de Dibujo y Grabado \u00abArtemio Alisio\u00bb, Entre Rios.<br \/>\n\u00abAntolog\u00eda\u00bb.Grabados.\u00a0Universidad Nacional de La Matanza (UNLaM).<br \/>\n\u00abUn tiempo para cada acto\u00bb. Pinturas y Grabados.Espacio de Arte. Cultura &#8211; Consejo de Ciencias Economicas.<br \/>\n\u00abMemoria. El tiempo y la vida\u00bb. Grabados.\u00a0MAM Galeria de Arte Marta Alvarez Molindi.<br \/>\n_2014<br \/>\n\u00abTrilogia Vivencias de la esclavitud del cuerpo y Anagogias\u00bb Fotografias y Grabados.\u00a0Museo Municipal de Arte de Puerto Madryn.<br \/>\n\u00abReflejados. Naturalmente humanos y los grandes enigmas\u00bb. Grabados y Fotografias.Instituto Whales de Puerto Madryn.<br \/>\n\u00abReflejados. Naturalmente humanos\u00bbGaleria Foro de Arte.<br \/>\n_2013<br \/>\n\u00abDe Libertades y Esclavitudes\u00bb.\u00a0Museo Roca.<br \/>\n_2012<br \/>\n\u00abArtifice de su destino y Anagogias\u00bb. Pinturas y Fotografias.\u00a0Galeria Alicia Brandy.<br \/>\n\u00abTrilogia Vivencias de la Esclavitud del Cuerpo\u00bb. Guion: De libertades y esclavitudes. Grabados.\u00a0Centro Cultural Esquel Melipal &#8211; Chubut.<br \/>\n_2011<br \/>\n\u00abTrilogia Vivencias de la Esclavitud del Cuerpo\u00bb. Grabados.\u00a0Cultura Viva, Municipio de La Matanza. Ramos Mejia.<br \/>\n\u00abTrilogia Vivencias de la Esclavitud del Cuerpo\u00bb. Basado en textos estoicos del filosofo Epicteto .Grabados.\u00a0Galeria Foro de Arte.<br \/>\n_2009<br \/>\n\u00abMujeres\u00bb. Dibujos.\u00a0Modigliani Art &amp; Designe Suites, Mendoza.<br \/>\n_2005<br \/>\n\u00abLa Espiritualidad en las Flores\u00bb. Pinturas y Grabados.\u00a0Espacio Cultural Urbano.<br \/>\n_2004<br \/>\n\u00abPensamientos e Influencia Planetaria\u00bb. Pinturas, Dibujos y Grabados.\u00a0Centro Cultural de los Artistas. Conventillo Historico de la Boca.<br \/>\n_2002<br \/>\n\u00abLa Cala como pureza\u00bb. Pinturas y Grabados.\u00a0Espacio de Arte Tina Di Primio<\/p>\n<p>&nbsp;<\/p>\n<p><strong>EXPOSICIONES COLECTIVAS:<\/strong><\/p>\n<p>_2024<br \/>\nCasa Municipal de Cultura Avil\u00e9s, Espa\u00f1a. \u00abFeminas\u00bb Grafica VII. Amalgama Internacional Contempor\u00e1nea.\u00a0Ediciones Pata Negra.<br \/>\nCasa de las Artes y de las Ciencias, Bue\u00f1o, La Ribera, Espa\u00f1a. \u00abFeminas\u00bb Amalgama Internacional Contemporanea. Grafica VII.\u00a0Ediciones Pata Negra.<br \/>\nLaboratorio Xilografico Dettori, Cerde\u00f1a Espa\u00f1a. \u00abBianco e Nero a Colori\u00bb\u00a0Organizado por el Centro Cultural El Cantaro.<br \/>\nCentro Cultural de Arte de Avellaneda (CMA). \u00abColectivo de Artistas &#8211; Octubre Mes del Grabado\u00bb<br \/>\nRegina Espacio de Arte REA. \u00ab60 x 60\u00bb<br \/>\nMuseo Fundacion Romulo Raggio. \u00abExpoArte\u00bb<br \/>\nMuseo Fundacion Romulo Raggio. \u00abOctubre mes del grabado\u00bb.\u00a0Organizado por Monica Levi, Nestro Goyanes y Virginia Kopelmann.<br \/>\nEspacio Bencich. \u00ab3000 mm\u00bb.\u00a0Organizado por AAVRA.<br \/>\nEspacio Colegiales. \u00abEn Dialogo\u00bb Junto a Lucia Torres.<br \/>\nCasa de la Mujer de San Isidro. \u00ab8M\u00bb + Homenaje a Juan Carlos Diotti.<br \/>\n_2023<br \/>\nMuseo de Arte Tigre (MAT) \u00abEl devenir de la copia\u00bb<br \/>\nBolsa de Comercio de Buenos Aires. \u00abLa obra que me representa\u00bb.\u00a0Organizado por AAVRA.<br \/>\nMuseo Minimo. \u00ab\u00bfQue tenes grabado?<br \/>\nCentro Cultural el Cantaro. \u00abWorld Wide Print de las Americas.<br \/>\nFundacion Cazadores. \u00abCamitas II\u00bb.\u00a0A beneficio del refugio Uguet Mondaca. Organizado por AAVRA, CAAT y CAAC.<br \/>\nSala de Exposicion Honorable Concejo Deliberante de San Isidro. \u00abEl mundo del grabado\u00bb HCD + REA\u00a0Coordinado por Silvina Baz<br \/>\nPaseo de las artes. Fundcion Cultural Anden. \u00abLunatica &#8211; Artes Visuales\u00bb<br \/>\n_<span lang=\"ES\">2022<br \/>\n<\/span><span lang=\"ES\">Museo R\u00f3mulo Raggio.<\/span><strong><span lang=\"ES\">\u00a0<\/span><\/strong><span lang=\"ES\">\u201cNotables de Tinta\u201d.\u00a0Organizado por Nestor Goyanes.<br \/>\nSala de exposiciones del Honorable Concejo Deliberante 3 de Febrero. \u201cAgenda abierta. Ganadores XXX Sal\u00f3n Nacional de Peque\u00f1o Formato\u201d, edici\u00f3n 2021<br \/>\nSala de exposiciones del Honorable Concejo Deliberante de San Isidro. \u00abPanal II\u00bb\u00a0<em>Engranajes del tiempo: Ver\u00f3nica Garc\u00eda y Silvina Baz.<br \/>\n<\/em>La casa de al lado \u2013 Fundaci\u00f3n Mar\u00eda Candela Gonz\u00e1lez G\u00f3mez Mas\u00eda. \u00abPanal\u00bb.\u00a0<em>Engranajes del tiempo: Ver\u00f3nica Garc\u00eda y Silvina Baz.<br \/>\n<\/em>Centro Cultural y Art\u00edstico el Cantaro. \u201cTributo a los artistas del pueblo\u201d<em>.<br \/>\n<\/em>Centro Cultural Esquel Melipal.III Muestra Virtual de Grabado. Virtual + Presencial.<br \/>\nMuseo Emilio Caraffa. II Bienal Internacional de Grabado y Arte impreso en peque\u00f1o formato \u201cInterseccionalidades + Intersecciones\u201d<br \/>\n<\/span><span lang=\"ES\">Galer\u00eda de Arte de la Universidad UMCS &#8211; Universidad Marie Curie Sllodowska, Lublin, Polonia.\u00a0<\/span><span lang=\"ES\">\u201cMini Print Cantabria\u201d<br \/>\nCentro Cultural Esquel Melipal. 8M.<br \/>\n<\/span>_2021<br \/>\n<span lang=\"ES\">Asociaci\u00f3n Estimulo de Bellas Artes.\u00a0<\/span><span lang=\"ES\">AEBA 145 a\u00f1os.<br \/>\nGrafica Postal.\u00a0Presi\u00f3n Festival de Grabado, Valparaiso Chile.<br \/>\nII Muestra Virtual Internacional de Grabado. Centro Cultural Esquel Melipal.\u00a0Mes del Grabado.<br \/>\n<\/span><span lang=\"ES\">II Bienal de Mercedes \u2013 peque\u00f1o formato.\u00a0<\/span><span lang=\"ES\">Direcci\u00f3n de Cultura de la Municipalidad de Mercedes, a trav\u00e9s del\u00a0Museo de Arte Mercedes\u00a0y el\u00a0Museo Hist\u00f3rico V. Miguez,\u00a0junto a la\u00a0Escuela de Arte\u00a0N\u00ba 2 Jos\u00e9 \u201cFifo Roggero\u201d\u00a0y el\u00a0\u201cMovimiento Cultural El Limonero\u201d.<br \/>\n<\/span>_2020<br \/>\nMuseo Municipal de Arte de Puerto Madryn.\u00a0<span lang=\"ES\">Soy de la Generaci\u00f3n Igualdad: Por el derecho de las mujeres.\u00a0Arte Correo<br \/>\n<\/span><span lang=\"ES\">Espacio Lezama.\u00a0\u00a0<\/span><span lang=\"ES\">Integraci\u00f3n.<\/span><span lang=\"ES\">\u00a0<\/span>Organizado por AAVRA<br \/>\n<span lang=\"ES\">Associazione Nazionale Incisori Contemporanei, Italia.\u00a0<\/span><span lang=\"ES\">Proyecto WorldWide Prints.\u00a0<\/span><span lang=\"ES\">\u00a0<\/span><br \/>\n<span lang=\"ES\">Muestra Virtual de Obra Gr\u00e1fica \u00abA pesar de todo\u00bb.\u00a0\u00a0<\/span><span lang=\"ES\">Organizado por: Centro Cultural el C\u00e1ntaro y Oficina de Grabado y Experimentaci\u00f3n<\/span><span lang=\"ES\">.<br \/>\n<\/span><span lang=\"ES\">Red Grafica Latinoamericana. Recetario<\/span><span lang=\"ES\">\u00a0Latinoamericano.<\/span><span lang=\"ES\">\u00a0Organizado por Martin Goncalvez<br \/>\n<\/span><span lang=\"ES\">Centro Cultural El C\u00e1ntaro. Tributo a \u00a0\u201cLos Artistas del Pueblo\u201d.\u00a0Organizado por<\/span><span lang=\"ES\">\u00a0Liliana Esteban y Luis Morado.<br \/>\nCentro Cultural Melipal. Muestra Virtual Grabado Binacional Esquel.<br \/>\nMuseo\u00a0<\/span><span lang=\"ES\">de Arte Municipal de Mercedes (MAMM)\u00a0<\/span><span lang=\"ES\">Muestra Virtual de Grabado.<br \/>\n<\/span>Exposici\u00f3n solidaria a beneficio de 5 escuelas rurales de Pampa del Indio en el Chaco, apadrinadas por la Asociaci\u00f3n Uniendo Mundos.\u00a0Organizado por Marcelo Cofone.<br \/>\nMuseo R. Raggio. Compartir 2020. Muestra Virtual.<br \/>\n_2019<br \/>\nMuseo Casticas J.B. Tapia. Ni musas, ni modelos, ni aprendices.\u00a0Sala Livia Artola.<br \/>\nCentro Cultural \u00abEl Cantaro\u00bb. Homenaje a\u00a0 Aida Carballo.\u00a0Curaduria: Luis Morado.<br \/>\n<span lang=\"ES\">Espacio de Arte-Comuna12.\u00a0<\/span>132\u00baAniversario de Villa Urquiza.<br \/>\n_2018<br \/>\nCentro Cultural LA CAROYENSE, Ankara-Arte Contemporaneo, Cordoba. 5 Puntos Cardinales.\u00a0\u00a0Junto a Alberto Arjona- Manuel De Francesco\u00a0 Eduardo Quintana\u00a0 Mariana Tarrio.<br \/>\nMinisterio de Economia de la Nacion (MECON). Comunicacion Grafica.\u00a0Junto a Monica Vidal y Ruben Dario Acosta.<br \/>\nUBA, FADU. Noche de los Museos. 240 Artistas y Dise\u00f1adores por la Educacion Publica 100 a\u00f1os de la Reforma Universitaria.<br \/>\nCentro Cultural Borges. Pensar el Genero.\u00a0Organizado por AAVRA Asociacion de Artistas Visuales de la Republica Argentina.<br \/>\nMuseo Municipal de Artes Plasticas Juan Bautista Tapia. X + Patrimonio.\u00a0Muestra Patrimonial. Sala Livia Bertola.<br \/>\nHipodromo Argentino de Palermo. Lunatica Arte &amp; Turf.<br \/>\n_2017<br \/>\nMuseo Sivori. 61\u00ba Salon Manuel Belgrano.<br \/>\nMuseo de Artes Municipalidad de Mercedes.\u00a0Muestra de Grabados.<br \/>\n_2016<br \/>\nNoche de los Museos. FADU-Cultura. Mural homenaje a los desaparecidos en la FADU. 122 Artistas.\u00a0(Facultad de Arquitectura, Dise\u00f1o y Urbanismo)<br \/>\nHipodromo de San Isidro. Focus Group. ARTE ESPACIO 8va edicion.<br \/>\nArt &amp; Design Gallery Miami. Printing women \/ Mujeres que imprimen.<br \/>\nSolange Guez Arte contemporaneo. Stamp II.<br \/>\n_2015<br \/>\nCasa de la Cultura de Adrogue. \u00abImaginario Grafico\u00bb Sala Raul Soldi.<br \/>\nMuseo Victor Roverano.\u00a0Muestra de Grabados.<br \/>\nEstimulo de Bellas Artes. \u00abSalon Homenaje a Zulema Petruchansky\u00bb.<br \/>\nMuseo Romulo Raggio. MAJO 2015.<br \/>\nFacultad de Derecho.\u00bbHomenaje a Leopoldo Presas, SAAP\u00bb.<br \/>\n_2014<br \/>\nEspacio Cultural San Jose. Uruguay.\u00bb1\/ 100 Prueba de autor\u00bb Homenaje a Jose Guadalupe Posada. Curada por: Jorge Galaviz.<br \/>\nPortal de Madryn, Chubut. Engranajes del tiempo. Junto a Veronica Garcia.<br \/>\nCentro Cultural Esquel Melipal. \u00abCombinado Grafico\u00bb.<br \/>\nMuseo Provincial de Artes de Santa Rosa La Pampa. Salones Piquenses de Artes Visuales.\u00a0Obras del patrimonio artistico de la Municipalidad de General Pico.<br \/>\nMuseo de Historia de Aguadilla Puerto Rico.<br \/>\n\u00abI Bienal Internacional de Mini Grabados de Aguadilla\u00bb Miniprint2014 Centro Edicion. Austria\/Argentina.<br \/>\n_2013<br \/>\nMuseo Sivori. Salon de Artes Plasticas Manuel Belgrano.<br \/>\nMundo Nuevo Art Gallery. Presentacion del libro PAPEL &amp; ESTAMPA 2013.<br \/>\nMujeres x el Arte. Espacio Colegiales.<br \/>\nMAJO 2013. Museo Romulo Raggio.<br \/>\nUniversidad de Belgrano VIII.<br \/>\nMapba &#8211; Mutual de Arquitectura.<br \/>\n_2012<br \/>\nCentro Cultural Recoleta. MIXTURAS, las colectividades y sus artistas.\u00a0La Subsecretaria de Derechos Humanos y Pluralismo Cultural, a traves de su Direccion General de Colectividades.<br \/>\nGaleria Alicia Brandy. GRUPO Base x Altura.<br \/>\nComuna 12 Villa Urquiza. GRUPO Base x Altura.<br \/>\nCasal de Catalunya. Recorridos.<br \/>\nGaleria Foro de Arte. Muestra Homenaje a Antonio Latorre.\u00a0El grabado y Grabadores. Curaduria: Silvina Baz.<br \/>\nUniversidad de Belgrano. VII Muestra Colectiva de Graduados.<br \/>\n_2011<br \/>\nCentro Cultural Borges. Expo-Artistas2011. GRUPO Base x Altura.\u00a0Stand de Arte Impreso.<br \/>\nMuseo Roca. Instituto de Investigaciones Historicas.<br \/>\nMuseo Maguncia. Noche de los Museos.<br \/>\nQuinta \u00abEl Ombu\u00bb. Municipalidad de San Fernando. \u00abFragil Reflejo\u00bb Grupo Ex-Intro.<br \/>\nMuseo Parlamentario del Senado de la Nacion \u00abSenador Domingo Faustino Sarmiento\u00bb.<br \/>\nFacultad de Derecho, Salon de los Pasos Perdidos con Signos en el Arte.<br \/>\nMuseo Provincial de Bellas Artes \u00abDr, Juan Ramon Vidal, Corrientes.\u00a0Trienal Nacional de grabado Xylon Argentina 2010.<br \/>\nCentro Cultural Recoleta. MIXTURAS. El arte, las colectividades y sus artistas.<br \/>\nMuseo Romulo Raggio.<br \/>\nCarla Rey Arte Contemporaneo. \u00abNi con el petalo de una rosa\u00bb.\u00a0Instalacion.<br \/>\nGaleria Desde la plastica. Abstracciones (artista invitada).<br \/>\nGaleria Forma. Muestra Federal (artista invitada).<br \/>\nGaleria Imaginario. Enero Rojo.<br \/>\nGaleria Mitra.<br \/>\n_2010<br \/>\nArte Contemporaneo Pergamino 2010. En Asociacion de Confeccionistas de Pergamino.\u00a0Organizado por Fundaci\u00ef\u00bf\u00bdn Arte de las Am\u00ef\u00bf\u00bdrica.<br \/>\nMuseo Maguncia.Semana Maguncia-Noche de los Museos.<br \/>\nGaleria Original Multiple Arte Grabado.\u00a0Homenaje a Adrian Giachetti. Organizado por XYLON Argentina (Sociedad de Grabadores).<br \/>\nMuseo Participativo Minero (MUMIN).<br \/>\nFORODEARTE\/Galeria. Taller Artebaz \u00abExpresiones Personales\u00bb.<br \/>\nGaleria desde la plastica. \u00abDesde el grabado\u00bb.<br \/>\nUniversidad de Belgrano. V Muestra Colectiva de Graduados.<br \/>\nHotel Cambremon.\u00bbImagenes y Color\u00bb.<br \/>\nFORODEARTE\/Galeria.\u00bbDesde los Origenes\u00bb.<br \/>\n_2009<br \/>\nMuseo Maguncia. Premios Arches-Canson.<br \/>\nFORODEARTE\/Galeria. \u00abLo Contemporaneo en las Artes\u00bb.<br \/>\nGaleria Palermo H. \u00abGrabadores en Invierno\u00bb.<br \/>\nGaleria Palermo H.\u00bbEl abril de los poetas\u00bb.<br \/>\n_2008<br \/>\nPalacio de las Artes.<br \/>\n_2007<br \/>\nPalacio de las Artes.\u00bbMuestra de Artes Visuales\u00bb.<br \/>\n_2002<br \/>\nGaleria Martina Cespedes.<br \/>\nEspacio Loft Alfa.<br \/>\nMultiespacio Pabellon IV. Dirigido por Clorindo Testa.<br \/>\n_2001<br \/>\nMutual de Gendarmeria Nacional.<br \/>\nEspacio Giesso-Reich.<br \/>\nHosteria Posta Carretas. Villa Gesell. Tina Di Primio.<br \/>\nCasa de Provincia de Chubut.<br \/>\n_2000<br \/>\nCasa de La Provincia de Chubut.<br \/>\n_1999<br \/>\nEdeA.<br \/>\nDama de Bollini.<br \/>\nCasa de Provincia de Chubut.\u00bbUn lugar en el Mundo\u00bb.<\/p>\n<p>&nbsp;<\/p>\n<p><strong>PARTICIPACION EN FERIAS NACIONALES E INTERNACIONALES DE ARTE:<\/strong><\/p>\n<p>_2023<br \/>\nArte en la Herencia \/ Fundacion Mas Humanidad &#8211; Red de artistas unidos contra la desnutricion y la pobreza extrema.<br \/>\n_2021<br \/>\n<span lang=\"EN-US\">Art on paper. NY. AC Latin Art.\u00a0<\/span>AC Contemporary.<br \/>\nArte en la Herencia\/Fundaci\u00f3n Mas Humanidad.\u00a0Red de artistas unidos contra la desnutrici\u00f3n y la pobreza extrema.<br \/>\n_2020 y 2019<br \/>\nArte en la Herencia\/Fundaci\u00f3n Mas Humanidad.\u00a0Red de artistas unidos contra la desnutrici\u00f3n y la pobreza extrema.<br \/>\n_2017<br \/>\nXI Florence Biennale 2017 EARTH. Fortezza da Basso, Florencia, Italia.<br \/>\n_2016<br \/>\nArte Espacio AE 8va edicion. Focus Group. Hipodromo de San Isidro.<br \/>\nFeria de Arte Contemporaneo\u00a0 Arte La Plata. Teatro Argentino.<br \/>\nEGGO\u00a0 Feria de Arte Contemporaneo. Centro Cultural Comte Grand. San Juan. DAIMON ARTE Galeria.<br \/>\n_2015<br \/>\nEGGO Feria de Arte Contemporaneo. Centro Cultural Comte Grand. San Juan. DAIMON ARTE. Galeria.<br \/>\n_2014<br \/>\nEGGO Feria de Arte Contemporaneo. Centro Cultural Recoleta. DAIMON ARTE Galeria.<br \/>\nMercado de Arte Cordoba\/EGGO 2014 &#8211; Cabildo Historico. DAIMON ARTE.<br \/>\nMuseo de Historia de Aguadilla. Puerto Rico. I Bienal Internacional de Miniprint Grabados de Aguadilla.<br \/>\n_2013<br \/>\nAffordable Art Fair Metropolitan Pavillon. NY. Solange Guez + Arte Contemporaneo.<br \/>\n_2012<br \/>\nAqua12. MIAMI FLL Solange Guez + Arte Contemporaneo<br \/>\nArt Santa Fe. New Mexico. USA Solange Guez + Arte Contemporaneo &#8211; USA.<br \/>\nARTE PUNTA. Conrad Hotel Punta del Este URUGUAY<br \/>\n_2011<br \/>\nArt Basel Miami &#8211; Arts for a Better World.- EE.UU.<br \/>\n_2010<br \/>\nCenter for Contemporary Printmaking. Connecticut &#8211; EE.UU<br \/>\n_2009<br \/>\nOpen Arts 2009 Norcenter. Trabajo In-situ. Argentina<br \/>\n_2008<br \/>\nEXPOTRASTIENDAS 2008. Galeria Arte Privado. Argentina<br \/>\n_2005<br \/>\nEstampa Madrid. Salon Internacional del Grabado. Espa\u00f1a.<\/p>\n<p>&nbsp;<\/p>\n<p><strong>OBRAS EN PATRIMONIO:<\/strong><\/p>\n<ul>\n<li>Fundacion Museo del Grabado de Artes a la Estampa Digital. Coru\u00f1a, Espa\u00f1a.<\/li>\n<li>Museo de Arte Contemporaneo Latinoamericano (MACLA).<\/li>\n<li>Museo de Arte de Aguadilla. Puerto Rico.<\/li>\n<li>Museo de Arte Prahova Ion Ionescu-Quintus. Rumania.<\/li>\n<li>Associazione Nazionale Incisori Contemporanei. Italia.<\/li>\n<li>Centro de Arte Faro Cabo Mayor, Santander, Cantabria. Espa\u00f1a.<\/li>\n<li>Museo de Arte Tigre (MAT). Argentina.<\/li>\n<li>Museo Provincial de Dibujo y Grabado \u00abArtemio Alisio\u00bb. Entre Rios. Argentina.<\/li>\n<li>Museo Municipal de Artes Plasticas Juan B. Tapia, San Antonio de Areco.<\/li>\n<li>Museo de Arte Municipal de Mercedes MAMM. Argentina.<\/li>\n<li>Museo Municipal de Arte \u00c1ngel Mar\u00eda de Rosa (MUMA) Junin, Argentina.<\/li>\n<li>Casa Museo del Grabado \u201cSamuel Buelvas\u201d, Colombia.<\/li>\n<li>Pinacoteca Municipal Centro Cultural Melipal Esquel. Argentina.<\/li>\n<li>MEDANO &#8211; Multiespacio de Arte. Muinicipalidad de General Pico. La Pampa. Argentina.<\/li>\n<li>UCAFacultad \u201cTeresa de Avila\u00bb. Entre Rios, Argentina.<\/li>\n<li>Colecciones Privadas Nacionales e Internacionales.<\/li>\n<\/ul>\n","protected":false},"excerpt":{"rendered":"<p>EXPOSICIONES INDIVIDUALES: _2024 \u00abBitacora del artista\u00bb\u00a0Sala de exposicion Honorable Concejo Deliberante de San Isidro. \u00abPaletas Graficas\u00bb\u00a0Biblioteca Leopoldo Marechal. Universidad Nacional de la Matanza. \u00abGubia y Pincel\u00bb\u00a0Complejo Cultural \u00cdtaca. _2023 \u00abIndivisibles\u00bb\u00a0Museo de Arte Moderno de Mercedes (MAMM) \u00abTorsos alados\u00bb\u00a0La casa de la mujer. San Isidro. \u00abIndivisibles\u00bb\u00a0Camarin de las musas. _2022 \u00abBitacora del artista\u00bb\u00a0Sala Eva Peron. Ministerio [&hellip;]<\/p>\n","protected":false},"author":2,"featured_media":0,"parent":0,"menu_order":0,"comment_status":"closed","ping_status":"closed","template":"","meta":{"ngg_post_thumbnail":0,"footnotes":""},"class_list":["post-24","page","type-page","status-publish","hentry","post"],"_links":{"self":[{"href":"https:\/\/artebaz.com.ar\/sitio\/wp-json\/wp\/v2\/pages\/24","targetHints":{"allow":["GET"]}}],"collection":[{"href":"https:\/\/artebaz.com.ar\/sitio\/wp-json\/wp\/v2\/pages"}],"about":[{"href":"https:\/\/artebaz.com.ar\/sitio\/wp-json\/wp\/v2\/types\/page"}],"author":[{"embeddable":true,"href":"https:\/\/artebaz.com.ar\/sitio\/wp-json\/wp\/v2\/users\/2"}],"replies":[{"embeddable":true,"href":"https:\/\/artebaz.com.ar\/sitio\/wp-json\/wp\/v2\/comments?post=24"}],"version-history":[{"count":1,"href":"https:\/\/artebaz.com.ar\/sitio\/wp-json\/wp\/v2\/pages\/24\/revisions"}],"predecessor-version":[{"id":25,"href":"https:\/\/artebaz.com.ar\/sitio\/wp-json\/wp\/v2\/pages\/24\/revisions\/25"}],"wp:attachment":[{"href":"https:\/\/artebaz.com.ar\/sitio\/wp-json\/wp\/v2\/media?parent=24"}],"curies":[{"name":"wp","href":"https:\/\/api.w.org\/{rel}","templated":true}]}}